{"id":198,"date":"2018-09-26T13:17:13","date_gmt":"2018-09-26T13:17:13","guid":{"rendered":"http:\/\/demo.athemes.com\/atu-agency\/?page_id=198"},"modified":"2023-12-15T10:34:28","modified_gmt":"2023-12-15T09:34:28","slug":"om-mig","status":"publish","type":"page","link":"https:\/\/janbsfoto.dk\/index.php\/om-mig\/","title":{"rendered":"Om mig"},"content":{"rendered":"\n<p><\/p>\n\n\n<div class=\"wp-block-image\">\n<figure class=\"alignleft size-large is-resized\"><img fetchpriority=\"high\" decoding=\"async\" width=\"1024\" height=\"1024\" src=\"https:\/\/janbsfoto.dk\/wp-content\/uploads\/2022\/07\/1AAB8D71-EA2B-4453-8645-688EB0ACC0DC-1024x1024.jpeg\" alt=\"Mig\" class=\"wp-image-258\" style=\"width:256px;height:256px\" srcset=\"https:\/\/janbsfoto.dk\/wp-content\/uploads\/2022\/07\/1AAB8D71-EA2B-4453-8645-688EB0ACC0DC-1024x1024.jpeg 1024w, https:\/\/janbsfoto.dk\/wp-content\/uploads\/2022\/07\/1AAB8D71-EA2B-4453-8645-688EB0ACC0DC-300x300.jpeg 300w, https:\/\/janbsfoto.dk\/wp-content\/uploads\/2022\/07\/1AAB8D71-EA2B-4453-8645-688EB0ACC0DC-150x150.jpeg 150w, https:\/\/janbsfoto.dk\/wp-content\/uploads\/2022\/07\/1AAB8D71-EA2B-4453-8645-688EB0ACC0DC-768x768.jpeg 768w, https:\/\/janbsfoto.dk\/wp-content\/uploads\/2022\/07\/1AAB8D71-EA2B-4453-8645-688EB0ACC0DC-1536x1536.jpeg 1536w, https:\/\/janbsfoto.dk\/wp-content\/uploads\/2022\/07\/1AAB8D71-EA2B-4453-8645-688EB0ACC0DC-2048x2048.jpeg 2048w, https:\/\/janbsfoto.dk\/wp-content\/uploads\/2022\/07\/1AAB8D71-EA2B-4453-8645-688EB0ACC0DC-720x720.jpeg 720w, https:\/\/janbsfoto.dk\/wp-content\/uploads\/2022\/07\/1AAB8D71-EA2B-4453-8645-688EB0ACC0DC-360x360.jpeg 360w\" sizes=\"(max-width: 1024px) 100vw, 1024px\" \/><\/figure>\n<\/div>\n\n\n<p class=\"has-text-align-left\">Jeg hedder Jan, og bor i V\u00e6rl\u00f8se sammen med min hustru.<\/p>\n\n\n\n<p>Jeg er en passioneret og moden amat\u00f8rfotograf, som br\u00e6nder for det gode billede.<\/p>\n\n\n\n<p>Indtil nu har det prim\u00e6rt drejet sig om rejsefotografering, begivenheder samt billeder af familie og venner.<\/p>\n\n\n\n<p>Jeg har fotograferet siden jeg var helt ung, men har f\u00f8rst nu kastet mig over portr\u00e6tfotografiet, selvom jeg altid har v\u00e6ret fascineret af det.<\/p>\n\n\n\n<p>Er du interesseret i at f\u00e5 taget nogle dejlige billeder af dig selv, s\u00e5 lad os sammen skabe smukke minder, der viser dig p\u00e5 en naturlig m\u00e5de.<\/p>\n\n\n\n<p>Kontakt mig p\u00e5 mobilnummer eller send en mail. Skriv gerne lidt om dig selv samt hvilke \u00f8nsker\/forestillinger du har til billederne.&nbsp;<\/p>\n\n\n\n<p>Jeg vil gl\u00e6de mig til at lave nogle rigtig gode billeder af dig.<\/p>\n\n\n\n<h2 class=\"wp-block-heading\">&nbsp;<\/h2>\n","protected":false},"excerpt":{"rendered":"<p>Jeg hedder Jan, og bor [&hellip;]<\/p>\n","protected":false},"author":1,"featured_media":0,"parent":0,"menu_order":0,"comment_status":"closed","ping_status":"closed","template":"","meta":{"_monsterinsights_skip_tracking":false,"_monsterinsights_sitenote_active":false,"_monsterinsights_sitenote_note":"","_monsterinsights_sitenote_category":0,"footnotes":""},"class_list":["post-198","page","type-page","status-publish","hentry"],"yoast_head":"<!-- This site is optimized with the Yoast SEO plugin v27.5 - https:\/\/yoast.com\/product\/yoast-seo-wordpress\/ -->\n<title>Om mig - Hjemmefotografering<\/title>\n<meta name=\"description\" content=\"Om mig - Jeg er en ivrig amat\u00f8rfotograf, som br\u00e6nder for det gode billede. Er du interesseret i at f\u00e5 taget nogle billeder, s\u00e5 kontakt mig.\" \/>\n<meta name=\"robots\" content=\"index, follow, max-snippet:-1, max-image-preview:large, max-video-preview:-1\" \/>\n<link rel=\"canonical\" href=\"https:\/\/janbsfoto.dk\/index.php\/om-mig\/\" \/>\n<meta property=\"og:locale\" content=\"da_DK\" \/>\n<meta property=\"og:type\" content=\"article\" \/>\n<meta property=\"og:title\" content=\"Om mig - Hjemmefotografering\" \/>\n<meta property=\"og:description\" content=\"Om mig - Jeg er en ivrig amat\u00f8rfotograf, som br\u00e6nder for det gode billede. Er du interesseret i at f\u00e5 taget nogle billeder, s\u00e5 kontakt mig.\" \/>\n<meta property=\"og:url\" content=\"https:\/\/janbsfoto.dk\/index.php\/om-mig\/\" \/>\n<meta property=\"og:site_name\" content=\"Hjemmefotografering\" \/>\n<meta property=\"article:modified_time\" content=\"2023-12-15T09:34:28+00:00\" \/>\n<meta property=\"og:image\" content=\"https:\/\/janbsfoto.dk\/wp-content\/uploads\/2022\/07\/1AAB8D71-EA2B-4453-8645-688EB0ACC0DC-1024x1024.jpeg\" \/>\n<meta name=\"twitter:card\" content=\"summary_large_image\" \/>\n<meta name=\"twitter:label1\" content=\"Estimeret l\u00e6setid\" \/>\n\t<meta name=\"twitter:data1\" content=\"1 minut\" \/>\n<script type=\"application\/ld+json\" class=\"yoast-schema-graph\">{\"@context\":\"https:\\\/\\\/schema.org\",\"@graph\":[{\"@type\":\"WebPage\",\"@id\":\"https:\\\/\\\/janbsfoto.dk\\\/index.php\\\/om-mig\\\/\",\"url\":\"https:\\\/\\\/janbsfoto.dk\\\/index.php\\\/om-mig\\\/\",\"name\":\"Om mig - Hjemmefotografering\",\"isPartOf\":{\"@id\":\"https:\\\/\\\/janbsfoto.dk\\\/#website\"},\"primaryImageOfPage\":{\"@id\":\"https:\\\/\\\/janbsfoto.dk\\\/index.php\\\/om-mig\\\/#primaryimage\"},\"image\":{\"@id\":\"https:\\\/\\\/janbsfoto.dk\\\/index.php\\\/om-mig\\\/#primaryimage\"},\"thumbnailUrl\":\"https:\\\/\\\/janbsfoto.dk\\\/wp-content\\\/uploads\\\/2022\\\/07\\\/1AAB8D71-EA2B-4453-8645-688EB0ACC0DC-1024x1024.jpeg\",\"datePublished\":\"2018-09-26T13:17:13+00:00\",\"dateModified\":\"2023-12-15T09:34:28+00:00\",\"description\":\"Om mig - Jeg er en ivrig amat\u00f8rfotograf, som br\u00e6nder for det gode billede. Er du interesseret i at f\u00e5 taget nogle billeder, s\u00e5 kontakt mig.\",\"breadcrumb\":{\"@id\":\"https:\\\/\\\/janbsfoto.dk\\\/index.php\\\/om-mig\\\/#breadcrumb\"},\"inLanguage\":\"da-DK\",\"potentialAction\":[{\"@type\":\"ReadAction\",\"target\":[\"https:\\\/\\\/janbsfoto.dk\\\/index.php\\\/om-mig\\\/\"]}]},{\"@type\":\"ImageObject\",\"inLanguage\":\"da-DK\",\"@id\":\"https:\\\/\\\/janbsfoto.dk\\\/index.php\\\/om-mig\\\/#primaryimage\",\"url\":\"https:\\\/\\\/janbsfoto.dk\\\/wp-content\\\/uploads\\\/2022\\\/07\\\/1AAB8D71-EA2B-4453-8645-688EB0ACC0DC.jpeg\",\"contentUrl\":\"https:\\\/\\\/janbsfoto.dk\\\/wp-content\\\/uploads\\\/2022\\\/07\\\/1AAB8D71-EA2B-4453-8645-688EB0ACC0DC.jpeg\",\"width\":2560,\"height\":2560},{\"@type\":\"BreadcrumbList\",\"@id\":\"https:\\\/\\\/janbsfoto.dk\\\/index.php\\\/om-mig\\\/#breadcrumb\",\"itemListElement\":[{\"@type\":\"ListItem\",\"position\":1,\"name\":\"Hjem\",\"item\":\"https:\\\/\\\/janbsfoto.dk\\\/\"},{\"@type\":\"ListItem\",\"position\":2,\"name\":\"Om mig\"}]},{\"@type\":\"WebSite\",\"@id\":\"https:\\\/\\\/janbsfoto.dk\\\/#website\",\"url\":\"https:\\\/\\\/janbsfoto.dk\\\/\",\"name\":\"Hjemmefotografering\",\"description\":\"Personlige billeder i trygge rammer\",\"publisher\":{\"@id\":\"https:\\\/\\\/janbsfoto.dk\\\/#\\\/schema\\\/person\\\/8466fdb922f10e5dbc378bec3bc77812\"},\"potentialAction\":[{\"@type\":\"SearchAction\",\"target\":{\"@type\":\"EntryPoint\",\"urlTemplate\":\"https:\\\/\\\/janbsfoto.dk\\\/?s={search_term_string}\"},\"query-input\":{\"@type\":\"PropertyValueSpecification\",\"valueRequired\":true,\"valueName\":\"search_term_string\"}}],\"inLanguage\":\"da-DK\"},{\"@type\":[\"Person\",\"Organization\"],\"@id\":\"https:\\\/\\\/janbsfoto.dk\\\/#\\\/schema\\\/person\\\/8466fdb922f10e5dbc378bec3bc77812\",\"name\":\"admin\",\"image\":{\"@type\":\"ImageObject\",\"inLanguage\":\"da-DK\",\"@id\":\"https:\\\/\\\/janbsfoto.dk\\\/wp-content\\\/uploads\\\/2022\\\/07\\\/1AAB8D71-EA2B-4453-8645-688EB0ACC0DC.jpeg\",\"url\":\"https:\\\/\\\/janbsfoto.dk\\\/wp-content\\\/uploads\\\/2022\\\/07\\\/1AAB8D71-EA2B-4453-8645-688EB0ACC0DC.jpeg\",\"contentUrl\":\"https:\\\/\\\/janbsfoto.dk\\\/wp-content\\\/uploads\\\/2022\\\/07\\\/1AAB8D71-EA2B-4453-8645-688EB0ACC0DC.jpeg\",\"width\":2560,\"height\":2560,\"caption\":\"admin\"},\"logo\":{\"@id\":\"https:\\\/\\\/janbsfoto.dk\\\/wp-content\\\/uploads\\\/2022\\\/07\\\/1AAB8D71-EA2B-4453-8645-688EB0ACC0DC.jpeg\"},\"sameAs\":[\"https:\\\/\\\/janbsfoto.dk\"]}]}<\/script>\n<!-- \/ Yoast SEO plugin. -->","yoast_head_json":{"title":"Om mig - Hjemmefotografering","description":"Om mig - Jeg er en ivrig amat\u00f8rfotograf, som br\u00e6nder for det gode billede. Er du interesseret i at f\u00e5 taget nogle billeder, s\u00e5 kontakt mig.","robots":{"index":"index","follow":"follow","max-snippet":"max-snippet:-1","max-image-preview":"max-image-preview:large","max-video-preview":"max-video-preview:-1"},"canonical":"https:\/\/janbsfoto.dk\/index.php\/om-mig\/","og_locale":"da_DK","og_type":"article","og_title":"Om mig - Hjemmefotografering","og_description":"Om mig - Jeg er en ivrig amat\u00f8rfotograf, som br\u00e6nder for det gode billede. Er du interesseret i at f\u00e5 taget nogle billeder, s\u00e5 kontakt mig.","og_url":"https:\/\/janbsfoto.dk\/index.php\/om-mig\/","og_site_name":"Hjemmefotografering","article_modified_time":"2023-12-15T09:34:28+00:00","og_image":[{"url":"https:\/\/janbsfoto.dk\/wp-content\/uploads\/2022\/07\/1AAB8D71-EA2B-4453-8645-688EB0ACC0DC-1024x1024.jpeg","type":"","width":"","height":""}],"twitter_card":"summary_large_image","twitter_misc":{"Estimeret l\u00e6setid":"1 minut"},"schema":{"@context":"https:\/\/schema.org","@graph":[{"@type":"WebPage","@id":"https:\/\/janbsfoto.dk\/index.php\/om-mig\/","url":"https:\/\/janbsfoto.dk\/index.php\/om-mig\/","name":"Om mig - Hjemmefotografering","isPartOf":{"@id":"https:\/\/janbsfoto.dk\/#website"},"primaryImageOfPage":{"@id":"https:\/\/janbsfoto.dk\/index.php\/om-mig\/#primaryimage"},"image":{"@id":"https:\/\/janbsfoto.dk\/index.php\/om-mig\/#primaryimage"},"thumbnailUrl":"https:\/\/janbsfoto.dk\/wp-content\/uploads\/2022\/07\/1AAB8D71-EA2B-4453-8645-688EB0ACC0DC-1024x1024.jpeg","datePublished":"2018-09-26T13:17:13+00:00","dateModified":"2023-12-15T09:34:28+00:00","description":"Om mig - Jeg er en ivrig amat\u00f8rfotograf, som br\u00e6nder for det gode billede. Er du interesseret i at f\u00e5 taget nogle billeder, s\u00e5 kontakt mig.","breadcrumb":{"@id":"https:\/\/janbsfoto.dk\/index.php\/om-mig\/#breadcrumb"},"inLanguage":"da-DK","potentialAction":[{"@type":"ReadAction","target":["https:\/\/janbsfoto.dk\/index.php\/om-mig\/"]}]},{"@type":"ImageObject","inLanguage":"da-DK","@id":"https:\/\/janbsfoto.dk\/index.php\/om-mig\/#primaryimage","url":"https:\/\/janbsfoto.dk\/wp-content\/uploads\/2022\/07\/1AAB8D71-EA2B-4453-8645-688EB0ACC0DC.jpeg","contentUrl":"https:\/\/janbsfoto.dk\/wp-content\/uploads\/2022\/07\/1AAB8D71-EA2B-4453-8645-688EB0ACC0DC.jpeg","width":2560,"height":2560},{"@type":"BreadcrumbList","@id":"https:\/\/janbsfoto.dk\/index.php\/om-mig\/#breadcrumb","itemListElement":[{"@type":"ListItem","position":1,"name":"Hjem","item":"https:\/\/janbsfoto.dk\/"},{"@type":"ListItem","position":2,"name":"Om mig"}]},{"@type":"WebSite","@id":"https:\/\/janbsfoto.dk\/#website","url":"https:\/\/janbsfoto.dk\/","name":"Hjemmefotografering","description":"Personlige billeder i trygge rammer","publisher":{"@id":"https:\/\/janbsfoto.dk\/#\/schema\/person\/8466fdb922f10e5dbc378bec3bc77812"},"potentialAction":[{"@type":"SearchAction","target":{"@type":"EntryPoint","urlTemplate":"https:\/\/janbsfoto.dk\/?s={search_term_string}"},"query-input":{"@type":"PropertyValueSpecification","valueRequired":true,"valueName":"search_term_string"}}],"inLanguage":"da-DK"},{"@type":["Person","Organization"],"@id":"https:\/\/janbsfoto.dk\/#\/schema\/person\/8466fdb922f10e5dbc378bec3bc77812","name":"admin","image":{"@type":"ImageObject","inLanguage":"da-DK","@id":"https:\/\/janbsfoto.dk\/wp-content\/uploads\/2022\/07\/1AAB8D71-EA2B-4453-8645-688EB0ACC0DC.jpeg","url":"https:\/\/janbsfoto.dk\/wp-content\/uploads\/2022\/07\/1AAB8D71-EA2B-4453-8645-688EB0ACC0DC.jpeg","contentUrl":"https:\/\/janbsfoto.dk\/wp-content\/uploads\/2022\/07\/1AAB8D71-EA2B-4453-8645-688EB0ACC0DC.jpeg","width":2560,"height":2560,"caption":"admin"},"logo":{"@id":"https:\/\/janbsfoto.dk\/wp-content\/uploads\/2022\/07\/1AAB8D71-EA2B-4453-8645-688EB0ACC0DC.jpeg"},"sameAs":["https:\/\/janbsfoto.dk"]}]}},"jetpack_sharing_enabled":true,"_links":{"self":[{"href":"https:\/\/janbsfoto.dk\/index.php\/wp-json\/wp\/v2\/pages\/198","targetHints":{"allow":["GET"]}}],"collection":[{"href":"https:\/\/janbsfoto.dk\/index.php\/wp-json\/wp\/v2\/pages"}],"about":[{"href":"https:\/\/janbsfoto.dk\/index.php\/wp-json\/wp\/v2\/types\/page"}],"author":[{"embeddable":true,"href":"https:\/\/janbsfoto.dk\/index.php\/wp-json\/wp\/v2\/users\/1"}],"replies":[{"embeddable":true,"href":"https:\/\/janbsfoto.dk\/index.php\/wp-json\/wp\/v2\/comments?post=198"}],"version-history":[{"count":32,"href":"https:\/\/janbsfoto.dk\/index.php\/wp-json\/wp\/v2\/pages\/198\/revisions"}],"predecessor-version":[{"id":607,"href":"https:\/\/janbsfoto.dk\/index.php\/wp-json\/wp\/v2\/pages\/198\/revisions\/607"}],"wp:attachment":[{"href":"https:\/\/janbsfoto.dk\/index.php\/wp-json\/wp\/v2\/media?parent=198"}],"curies":[{"name":"wp","href":"https:\/\/api.w.org\/{rel}","templated":true}]}}